{"id":760,"date":"2022-09-30T11:49:40","date_gmt":"2022-09-30T11:49:40","guid":{"rendered":"https:\/\/medisenior.pt\/?page_id=760"},"modified":"2024-09-16T10:10:08","modified_gmt":"2024-09-16T10:10:08","slug":"fisioterapia-ao-domicilio","status":"publish","type":"page","link":"https:\/\/medisenior.pt\/index.php\/fisioterapia-ao-domicilio\/","title":{"rendered":"Fisioterapia ao domic\u00edlio"},"content":{"rendered":"[vc_row type=&#8221;full_width_content&#8221; full_screen_row_position=&#8221;middle&#8221; column_margin=&#8221;default&#8221; equal_height=&#8221;yes&#8221; column_direction=&#8221;default&#8221; column_direction_tablet=&#8221;default&#8221; column_direction_phone=&#8221;default&#8221; bg_image=&#8221;619&#8243; bg_position=&#8221;center center&#8221; background_image_loading=&#8221;default&#8221; bg_repeat=&#8221;no-repeat&#8221; scene_position=&#8221;center&#8221; top_padding=&#8221;8%&#8221; bottom_padding=&#8221;8%&#8221; top_padding_tablet=&#8221;20%&#8221; bottom_padding_tablet=&#8221;25%&#8221; text_color=&#8221;light&#8221; text_align=&#8221;left&#8221; row_border_radius=&#8221;none&#8221; row_border_radius_applies=&#8221;bg&#8221; overflow=&#8221;visible&#8221; id=&#8221;home&#8221; enable_gradient=&#8221;true&#8221; color_overlay=&#8221;#36302c&#8221; advanced_gradient_angle=&#8221;0&#8243; overlay_strength=&#8221;0.8&#8243; gradient_direction=&#8221;left_to_right&#8221; shape_divider_position=&#8221;bottom&#8221; bg_image_animation=&#8221;none&#8221; parallax_bg=&#8221;true&#8221; parallax_bg_speed=&#8221;fast&#8221; shape_type=&#8221;curve&#8221; gradient_type=&#8221;default&#8221;][vc_column column_padding=&#8221;no-extra-padding&#8221; column_padding_tablet=&#8221;inherit&#8221; column_padding_phone=&#8221;inherit&#8221; column_padding_position=&#8221;all&#8221; column_element_spacing=&#8221;default&#8221; centered_text=&#8221;true&#8221; background_color_opacity=&#8221;1&#8243; background_hover_color_opacity=&#8221;1&#8243; column_shadow=&#8221;none&#8221; column_border_radius=&#8221;none&#8221; column_link_target=&#8221;_self&#8221; column_position=&#8221;default&#8221; gradient_direction=&#8221;left_to_right&#8221; overlay_strength=&#8221;0.3&#8243; width=&#8221;1\/1&#8243; tablet_width_inherit=&#8221;default&#8221; tablet_text_alignment=&#8221;default&#8221; phone_text_alignment=&#8221;default&#8221; animation_type=&#8221;default&#8221; bg_image_animation=&#8221;none&#8221; border_type=&#8221;simple&#8221; column_border_width=&#8221;none&#8221; column_border_style=&#8221;solid&#8221;][vc_row_inner column_margin=&#8221;none&#8221; column_direction=&#8221;default&#8221; column_direction_tablet=&#8221;default&#8221; column_direction_phone=&#8221;default&#8221; bottom_padding=&#8221;60&#8243; bottom_padding_tablet=&#8221;20&#8243; text_align=&#8221;left&#8221; row_position=&#8221;default&#8221; row_position_tablet=&#8221;inherit&#8221; row_position_phone=&#8221;inherit&#8221; overflow=&#8221;visible&#8221; pointer_events=&#8221;all&#8221;][vc_column_inner column_padding=&#8221;no-extra-padding&#8221; column_padding_tablet=&#8221;inherit&#8221; column_padding_phone=&#8221;inherit&#8221; column_padding_position=&#8221;all&#8221; column_element_spacing=&#8221;default&#8221; background_color_opacity=&#8221;1&#8243; background_hover_color_opacity=&#8221;1&#8243; column_shadow=&#8221;none&#8221; column_border_radius=&#8221;none&#8221; column_link_target=&#8221;_self&#8221; gradient_direction=&#8221;left_to_right&#8221; overlay_strength=&#8221;0.3&#8243; width=&#8221;1\/6&#8243; tablet_width_inherit=&#8221;default&#8221; animation_type=&#8221;default&#8221; enable_animation=&#8221;true&#8221; animation=&#8221;fade-in-from-bottom&#8221; bg_image_animation=&#8221;none&#8221; border_type=&#8221;simple&#8221; column_border_width=&#8221;none&#8221; column_border_style=&#8221;solid&#8221;][\/vc_column_inner][vc_column_inner column_padding=&#8221;no-extra-padding&#8221; column_padding_tablet=&#8221;inherit&#8221; column_padding_phone=&#8221;inherit&#8221; column_padding_position=&#8221;all&#8221; column_element_spacing=&#8221;default&#8221; background_color_opacity=&#8221;1&#8243; background_hover_color_opacity=&#8221;1&#8243; column_shadow=&#8221;none&#8221; column_border_radius=&#8221;none&#8221; column_link_target=&#8221;_self&#8221; gradient_direction=&#8221;left_to_right&#8221; overlay_strength=&#8221;0.3&#8243; width=&#8221;2\/3&#8243; tablet_width_inherit=&#8221;default&#8221; animation_type=&#8221;default&#8221; enable_animation=&#8221;true&#8221; animation=&#8221;fade-in-from-bottom&#8221; bg_image_animation=&#8221;none&#8221; border_type=&#8221;simple&#8221; column_border_width=&#8221;none&#8221; column_border_style=&#8221;solid&#8221;][nectar_highlighted_text color_type=&#8221;gradient&#8221; highlight_color=&#8221;#cb2234&#8243; secondary_color=&#8221;rgba(255,255,255,0.01)&#8221; text_color=&#8221;#ffffff&#8221; style=&#8221;half_text&#8221; custom_font_size=&#8221;8vh&#8221; delay=&#8221;200&#8243;]\n<h1>Fisioterapia ao <em>domic\u00edlio<\/em><\/h1>\n[\/nectar_highlighted_text][nectar_cta btn_style=&#8221;arrow-animation&#8221; heading_tag=&#8221;h5&#8243; text_color=&#8221;#ffffff&#8221; button_color=&#8221;accent-color&#8221; button_border_thickness=&#8221;0px&#8221; link_type=&#8221;regular&#8221; alignment=&#8221;center&#8221; alignment_tablet=&#8221;default&#8221; alignment_phone=&#8221;default&#8221; display=&#8221;block&#8221; display_tablet=&#8221;inherit&#8221; display_phone=&#8221;inherit&#8221; link_text=&#8221;Marcar consulta&#8221; margin_top=&#8221;50px&#8221; url=&#8221;https:\/\/medisenior.pt\/index.php\/contactos\/&#8221; padding_top=&#8221;15&#8243; padding_bottom=&#8221;15&#8243; padding_left=&#8221;15&#8243; padding_right=&#8221;15&#8243;][\/vc_column_inner][vc_column_inner column_padding=&#8221;no-extra-padding&#8221; column_padding_tablet=&#8221;inherit&#8221; column_padding_phone=&#8221;inherit&#8221; column_padding_position=&#8221;all&#8221; column_element_spacing=&#8221;default&#8221; background_color_opacity=&#8221;1&#8243; background_hover_color_opacity=&#8221;1&#8243; column_shadow=&#8221;none&#8221; column_border_radius=&#8221;none&#8221; column_link_target=&#8221;_self&#8221; gradient_direction=&#8221;left_to_right&#8221; overlay_strength=&#8221;0.3&#8243; width=&#8221;1\/6&#8243; tablet_width_inherit=&#8221;default&#8221; animation_type=&#8221;default&#8221; bg_image_animation=&#8221;none&#8221; border_type=&#8221;simple&#8221; column_border_width=&#8221;none&#8221; column_border_style=&#8221;solid&#8221;][\/vc_column_inner][\/vc_row_inner][\/vc_column][\/vc_row][vc_row type=&#8221;full_width_background&#8221; full_screen_row_position=&#8221;middle&#8221; column_margin=&#8221;default&#8221; column_direction=&#8221;default&#8221; column_direction_tablet=&#8221;default&#8221; column_direction_phone=&#8221;default&#8221; bg_color=&#8221;#ffffff&#8221; scene_position=&#8221;center&#8221; top_padding=&#8221;6%&#8221; bottom_padding=&#8221;6%&#8221; text_color=&#8221;dark&#8221; text_align=&#8221;left&#8221; row_border_radius=&#8221;none&#8221; row_border_radius_applies=&#8221;bg&#8221; overflow=&#8221;visible&#8221; id=&#8221;services&#8221; advanced_gradient_angle=&#8221;0&#8243; overlay_strength=&#8221;0.3&#8243; gradient_direction=&#8221;left_to_right&#8221; shape_divider_position=&#8221;bottom&#8221; bg_image_animation=&#8221;none&#8221; shape_type=&#8221;&#8221; gradient_type=&#8221;default&#8221;][vc_column column_padding=&#8221;no-extra-padding&#8221; column_padding_tablet=&#8221;inherit&#8221; column_padding_phone=&#8221;inherit&#8221; column_padding_position=&#8221;all&#8221; column_element_spacing=&#8221;default&#8221; background_color_opacity=&#8221;1&#8243; background_hover_color_opacity=&#8221;1&#8243; column_shadow=&#8221;none&#8221; column_border_radius=&#8221;none&#8221; column_link_target=&#8221;_self&#8221; column_position=&#8221;default&#8221; gradient_direction=&#8221;left_to_right&#8221; overlay_strength=&#8221;0.3&#8243; width=&#8221;1\/4&#8243; tablet_width_inherit=&#8221;default&#8221; tablet_text_alignment=&#8221;default&#8221; phone_text_alignment=&#8221;default&#8221; animation_type=&#8221;default&#8221; bg_image_animation=&#8221;none&#8221; border_type=&#8221;simple&#8221; column_border_width=&#8221;none&#8221; column_border_style=&#8221;solid&#8221;][\/vc_column][vc_column column_padding=&#8221;no-extra-padding&#8221; column_padding_tablet=&#8221;inherit&#8221; column_padding_phone=&#8221;inherit&#8221; column_padding_position=&#8221;all&#8221; column_element_spacing=&#8221;default&#8221; background_color_opacity=&#8221;1&#8243; background_hover_color_opacity=&#8221;1&#8243; column_shadow=&#8221;none&#8221; column_border_radius=&#8221;none&#8221; column_link_target=&#8221;_self&#8221; column_position=&#8221;default&#8221; gradient_direction=&#8221;left_to_right&#8221; overlay_strength=&#8221;0.3&#8243; width=&#8221;1\/2&#8243; tablet_width_inherit=&#8221;default&#8221; tablet_text_alignment=&#8221;default&#8221; phone_text_alignment=&#8221;default&#8221; animation_type=&#8221;default&#8221; bg_image_animation=&#8221;none&#8221; border_type=&#8221;simple&#8221; column_border_width=&#8221;none&#8221; column_border_style=&#8221;solid&#8221;][vc_column_text css=&#8221;.vc_custom_1726481375370{margin-bottom: 50px !important;}&#8221;]Os nossos fisioterapeutas atuam na reabilita\u00e7\u00e3o das doen\u00e7as musculo-esquel\u00e9ticas e s\u00e3o especializados na reabilita\u00e7\u00e3o das doen\u00e7as neurol\u00f3gicas, doen\u00e7as respirat\u00f3rias no adulto, assim como no tratamento da dor, garantindo assim uma melhor qualidade de vida.<\/p>\n<p>Em equipa multidisciplinar, os fisioterapeutas est\u00e3o preparados para atuar com base num diagn\u00f3stico e respetivo tratamento.<\/p>\n<p>Este servi\u00e7o tem uma abordagem hol\u00edstica, pois quando diminu\u00edmos o desconforto f\u00edsico, possibilitamos uma melhoria do nosso estado f\u00edsico e mental.<\/p>\n<p>&nbsp;<\/p>\n<p>A fisioterapia geri\u00e1trica apresenta excelentes ferramentas capazes de atuar nesta fase da vida, proporcionando mais qualidade de vida e garantia da autonomia na terceira idade.[\/vc_column_text][nectar_highlighted_text color_type=&#8221;gradient&#8221; highlight_color=&#8221;#cb2234&#8243; secondary_color=&#8221;#ffffff&#8221; style=&#8221;regular_underline&#8221; highlight_expansion=&#8221;default&#8221; underline_thickness=&#8221;default&#8221;]\n<h3><em>Servi\u00e7os de Fisioterapia:<\/em><\/h3>\n[\/nectar_highlighted_text][vc_column_text]\n<ul>\n<li>Reeduca\u00e7\u00e3o postural global<\/li>\n<li>Neurologia no adulto<\/li>\n<li>Cardiorrespirat\u00f3ria no adulto<\/li>\n<li>Fisioterapia p\u00e9lvica<\/li>\n<li>Terapia manual (m\u00e9todo de Pold e Visceral)<\/li>\n<li>Acupunctura no tratamento da dor<\/li>\n<li>Pilates contempor\u00e2neo<\/li>\n<\/ul>\n[\/vc_column_text][nectar_cta btn_style=&#8221;arrow-animation&#8221; heading_tag=&#8221;h5&#8243; text_color=&#8221;#ffffff&#8221; button_color=&#8221;accent-color&#8221; button_border_thickness=&#8221;0px&#8221; link_type=&#8221;regular&#8221; alignment=&#8221;left&#8221; alignment_tablet=&#8221;default&#8221; alignment_phone=&#8221;default&#8221; display=&#8221;block&#8221; display_tablet=&#8221;inherit&#8221; display_phone=&#8221;inherit&#8221; link_text=&#8221;Fale connosco&#8221; margin_top=&#8221;100&#8243; url=&#8221;https:\/\/medisenior.pt\/index.php\/contactos\/&#8221; padding_top=&#8221;15&#8243; padding_bottom=&#8221;15&#8243; padding_left=&#8221;15&#8243; padding_right=&#8221;15&#8243;][\/vc_column][vc_column column_padding=&#8221;no-extra-padding&#8221; column_padding_tablet=&#8221;inherit&#8221; column_padding_phone=&#8221;inherit&#8221; column_padding_position=&#8221;all&#8221; column_element_spacing=&#8221;default&#8221; background_color_opacity=&#8221;1&#8243; background_hover_color_opacity=&#8221;1&#8243; column_shadow=&#8221;none&#8221; column_border_radius=&#8221;none&#8221; column_link_target=&#8221;_self&#8221; column_position=&#8221;default&#8221; gradient_direction=&#8221;left_to_right&#8221; overlay_strength=&#8221;0.3&#8243; width=&#8221;1\/4&#8243; tablet_width_inherit=&#8221;default&#8221; tablet_text_alignment=&#8221;default&#8221; phone_text_alignment=&#8221;default&#8221; animation_type=&#8221;default&#8221; bg_image_animation=&#8221;none&#8221; border_type=&#8221;simple&#8221; column_border_width=&#8221;none&#8221; column_border_style=&#8221;solid&#8221;][\/vc_column][\/vc_row]\n","protected":false},"excerpt":{"rendered":"<p>[vc_row type=&#8221;full_width_content&#8221; full_screen_row_position=&#8221;middle&#8221; column_margin=&#8221;default&#8221; equal_height=&#8221;yes&#8221; column_direction=&#8221;default&#8221; column_direction_tablet=&#8221;default&#8221; column_direction_phone=&#8221;default&#8221; bg_image=&#8221;619&#8243; bg_position=&#8221;center center&#8221; background_image_loading=&#8221;default&#8221; bg_repeat=&#8221;no-repeat&#8221; scene_position=&#8221;center&#8221; top_padding=&#8221;8%&#8221; bottom_padding=&#8221;8%&#8221; top_padding_tablet=&#8221;20%&#8221; bottom_padding_tablet=&#8221;25%&#8221; text_color=&#8221;light&#8221; text_align=&#8221;left&#8221; row_border_radius=&#8221;none&#8221; row_border_radius_applies=&#8221;bg&#8221; overflow=&#8221;visible&#8221; id=&#8221;home&#8221; enable_gradient=&#8221;true&#8221; color_overlay=&#8221;#36302c&#8221; advanced_gradient_angle=&#8221;0&#8243; overlay_strength=&#8221;0.8&#8243; gradient_direction=&#8221;left_to_right&#8221; shape_divider_position=&#8221;bottom&#8221;&#8230;<\/p>\n","protected":false},"author":3,"featured_media":0,"parent":0,"menu_order":0,"comment_status":"closed","ping_status":"closed","template":"","meta":{"footnotes":""},"class_list":["post-760","page","type-page","status-publish"],"yoast_head":"<!-- This site is optimized with the Yoast SEO plugin v23.4 - https:\/\/yoast.com\/wordpress\/plugins\/seo\/ -->\n<title>Fisioterapia ao domic\u00edlio - MediSenior<\/title>\n<meta name=\"description\" content=\"Os nossos fisioterapeutas atuam na reabilita\u00e7\u00e3o das doen\u00e7as musculo-esquel\u00e9ticas e s\u00e3o especializados na reabilita\u00e7\u00e3o das doen\u00e7as neurol\u00f3gicas, doen\u00e7as respirat\u00f3rias no adulto, assim como no tratamento da dor, garantindo assim uma melhor qualidade de vida. Em equipa multidisciplinar, os fisioterapeutas est\u00e3o preparados para atuar com base num diagn\u00f3stico e respetivo tratamento. Este servi\u00e7o tem uma abordagem hol\u00edstica, pois quando diminu\u00edmos o desconforto f\u00edsico, possibilitamos uma melhoria do nosso estado f\u00edsico e mental. A fisioterapia geri\u00e1trica apresenta excelentes ferramentas capazes de atuar nesta fase da vida, proporcionando mais qualidade de vida e garantia da autonomia na terceira idade.\" \/>\n<meta name=\"robots\" content=\"index, follow, max-snippet:-1, max-image-preview:large, max-video-preview:-1\" \/>\n<link rel=\"canonical\" href=\"https:\/\/medisenior.pt\/index.php\/fisioterapia-ao-domicilio\/\" \/>\n<meta property=\"og:locale\" content=\"pt_PT\" \/>\n<meta property=\"og:type\" content=\"article\" \/>\n<meta property=\"og:title\" content=\"Fisioterapia ao domic\u00edlio - MediSenior\" \/>\n<meta property=\"og:description\" content=\"Os nossos fisioterapeutas atuam na reabilita\u00e7\u00e3o das doen\u00e7as musculo-esquel\u00e9ticas e s\u00e3o especializados na reabilita\u00e7\u00e3o das doen\u00e7as neurol\u00f3gicas, doen\u00e7as respirat\u00f3rias no adulto, assim como no tratamento da dor, garantindo assim uma melhor qualidade de vida. Em equipa multidisciplinar, os fisioterapeutas est\u00e3o preparados para atuar com base num diagn\u00f3stico e respetivo tratamento. Este servi\u00e7o tem uma abordagem hol\u00edstica, pois quando diminu\u00edmos o desconforto f\u00edsico, possibilitamos uma melhoria do nosso estado f\u00edsico e mental. A fisioterapia geri\u00e1trica apresenta excelentes ferramentas capazes de atuar nesta fase da vida, proporcionando mais qualidade de vida e garantia da autonomia na terceira idade.\" \/>\n<meta property=\"og:url\" content=\"https:\/\/medisenior.pt\/index.php\/fisioterapia-ao-domicilio\/\" \/>\n<meta property=\"og:site_name\" content=\"MediSenior\" \/>\n<meta property=\"article:publisher\" content=\"https:\/\/www.facebook.com\/mediseniorpt\" \/>\n<meta property=\"article:modified_time\" content=\"2024-09-16T10:10:08+00:00\" \/>\n<meta name=\"twitter:card\" content=\"summary_large_image\" \/>\n<meta name=\"twitter:label1\" content=\"Tempo estimado de leitura\" \/>\n\t<meta name=\"twitter:data1\" content=\"3 minutos\" \/>\n<script type=\"application\/ld+json\" class=\"yoast-schema-graph\">{\"@context\":\"https:\/\/schema.org\",\"@graph\":[{\"@type\":\"WebPage\",\"@id\":\"https:\/\/medisenior.pt\/index.php\/fisioterapia-ao-domicilio\/\",\"url\":\"https:\/\/medisenior.pt\/index.php\/fisioterapia-ao-domicilio\/\",\"name\":\"Fisioterapia ao domic\u00edlio - MediSenior\",\"isPartOf\":{\"@id\":\"https:\/\/medisenior.pt\/#website\"},\"datePublished\":\"2022-09-30T11:49:40+00:00\",\"dateModified\":\"2024-09-16T10:10:08+00:00\",\"description\":\"Os nossos fisioterapeutas atuam na reabilita\u00e7\u00e3o das doen\u00e7as musculo-esquel\u00e9ticas e s\u00e3o especializados na reabilita\u00e7\u00e3o das doen\u00e7as neurol\u00f3gicas, doen\u00e7as respirat\u00f3rias no adulto, assim como no tratamento da dor, garantindo assim uma melhor qualidade de vida. Em equipa multidisciplinar, os fisioterapeutas est\u00e3o preparados para atuar com base num diagn\u00f3stico e respetivo tratamento. Este servi\u00e7o tem uma abordagem hol\u00edstica, pois quando diminu\u00edmos o desconforto f\u00edsico, possibilitamos uma melhoria do nosso estado f\u00edsico e mental. A fisioterapia geri\u00e1trica apresenta excelentes ferramentas capazes de atuar nesta fase da vida, proporcionando mais qualidade de vida e garantia da autonomia na terceira idade.\",\"breadcrumb\":{\"@id\":\"https:\/\/medisenior.pt\/index.php\/fisioterapia-ao-domicilio\/#breadcrumb\"},\"inLanguage\":\"pt-PT\",\"potentialAction\":[{\"@type\":\"ReadAction\",\"target\":[\"https:\/\/medisenior.pt\/index.php\/fisioterapia-ao-domicilio\/\"]}]},{\"@type\":\"BreadcrumbList\",\"@id\":\"https:\/\/medisenior.pt\/index.php\/fisioterapia-ao-domicilio\/#breadcrumb\",\"itemListElement\":[{\"@type\":\"ListItem\",\"position\":1,\"name\":\"In\u00edcio\",\"item\":\"https:\/\/medisenior.pt\/\"},{\"@type\":\"ListItem\",\"position\":2,\"name\":\"Fisioterapia ao domic\u00edlio\"}]},{\"@type\":\"WebSite\",\"@id\":\"https:\/\/medisenior.pt\/#website\",\"url\":\"https:\/\/medisenior.pt\/\",\"name\":\"MediSenior\",\"description\":\"Vamos at\u00e9 si.\",\"publisher\":{\"@id\":\"https:\/\/medisenior.pt\/#organization\"},\"potentialAction\":[{\"@type\":\"SearchAction\",\"target\":{\"@type\":\"EntryPoint\",\"urlTemplate\":\"https:\/\/medisenior.pt\/?s={search_term_string}\"},\"query-input\":{\"@type\":\"PropertyValueSpecification\",\"valueRequired\":true,\"valueName\":\"search_term_string\"}}],\"inLanguage\":\"pt-PT\"},{\"@type\":\"Organization\",\"@id\":\"https:\/\/medisenior.pt\/#organization\",\"name\":\"MediSenior - Vamos at\u00e9 si\",\"url\":\"https:\/\/medisenior.pt\/\",\"logo\":{\"@type\":\"ImageObject\",\"inLanguage\":\"pt-PT\",\"@id\":\"https:\/\/medisenior.pt\/#\/schema\/logo\/image\/\",\"url\":\"https:\/\/medisenior.pt\/wp-content\/uploads\/2022\/06\/logo_medi60_B.png\",\"contentUrl\":\"https:\/\/medisenior.pt\/wp-content\/uploads\/2022\/06\/logo_medi60_B.png\",\"width\":267,\"height\":60,\"caption\":\"MediSenior - Vamos at\u00e9 si\"},\"image\":{\"@id\":\"https:\/\/medisenior.pt\/#\/schema\/logo\/image\/\"},\"sameAs\":[\"https:\/\/www.facebook.com\/mediseniorpt\",\"https:\/\/www.instagram.com\/mediseniorpt\/\"]}]}<\/script>\n<!-- \/ Yoast SEO plugin. -->","yoast_head_json":{"title":"Fisioterapia ao domic\u00edlio - MediSenior","description":"Os nossos fisioterapeutas atuam na reabilita\u00e7\u00e3o das doen\u00e7as musculo-esquel\u00e9ticas e s\u00e3o especializados na reabilita\u00e7\u00e3o das doen\u00e7as neurol\u00f3gicas, doen\u00e7as respirat\u00f3rias no adulto, assim como no tratamento da dor, garantindo assim uma melhor qualidade de vida. Em equipa multidisciplinar, os fisioterapeutas est\u00e3o preparados para atuar com base num diagn\u00f3stico e respetivo tratamento. Este servi\u00e7o tem uma abordagem hol\u00edstica, pois quando diminu\u00edmos o desconforto f\u00edsico, possibilitamos uma melhoria do nosso estado f\u00edsico e mental. A fisioterapia geri\u00e1trica apresenta excelentes ferramentas capazes de atuar nesta fase da vida, proporcionando mais qualidade de vida e garantia da autonomia na terceira idade.","robots":{"index":"index","follow":"follow","max-snippet":"max-snippet:-1","max-image-preview":"max-image-preview:large","max-video-preview":"max-video-preview:-1"},"canonical":"https:\/\/medisenior.pt\/index.php\/fisioterapia-ao-domicilio\/","og_locale":"pt_PT","og_type":"article","og_title":"Fisioterapia ao domic\u00edlio - MediSenior","og_description":"Os nossos fisioterapeutas atuam na reabilita\u00e7\u00e3o das doen\u00e7as musculo-esquel\u00e9ticas e s\u00e3o especializados na reabilita\u00e7\u00e3o das doen\u00e7as neurol\u00f3gicas, doen\u00e7as respirat\u00f3rias no adulto, assim como no tratamento da dor, garantindo assim uma melhor qualidade de vida. Em equipa multidisciplinar, os fisioterapeutas est\u00e3o preparados para atuar com base num diagn\u00f3stico e respetivo tratamento. Este servi\u00e7o tem uma abordagem hol\u00edstica, pois quando diminu\u00edmos o desconforto f\u00edsico, possibilitamos uma melhoria do nosso estado f\u00edsico e mental. A fisioterapia geri\u00e1trica apresenta excelentes ferramentas capazes de atuar nesta fase da vida, proporcionando mais qualidade de vida e garantia da autonomia na terceira idade.","og_url":"https:\/\/medisenior.pt\/index.php\/fisioterapia-ao-domicilio\/","og_site_name":"MediSenior","article_publisher":"https:\/\/www.facebook.com\/mediseniorpt","article_modified_time":"2024-09-16T10:10:08+00:00","twitter_card":"summary_large_image","twitter_misc":{"Tempo estimado de leitura":"3 minutos"},"schema":{"@context":"https:\/\/schema.org","@graph":[{"@type":"WebPage","@id":"https:\/\/medisenior.pt\/index.php\/fisioterapia-ao-domicilio\/","url":"https:\/\/medisenior.pt\/index.php\/fisioterapia-ao-domicilio\/","name":"Fisioterapia ao domic\u00edlio - MediSenior","isPartOf":{"@id":"https:\/\/medisenior.pt\/#website"},"datePublished":"2022-09-30T11:49:40+00:00","dateModified":"2024-09-16T10:10:08+00:00","description":"Os nossos fisioterapeutas atuam na reabilita\u00e7\u00e3o das doen\u00e7as musculo-esquel\u00e9ticas e s\u00e3o especializados na reabilita\u00e7\u00e3o das doen\u00e7as neurol\u00f3gicas, doen\u00e7as respirat\u00f3rias no adulto, assim como no tratamento da dor, garantindo assim uma melhor qualidade de vida. Em equipa multidisciplinar, os fisioterapeutas est\u00e3o preparados para atuar com base num diagn\u00f3stico e respetivo tratamento. Este servi\u00e7o tem uma abordagem hol\u00edstica, pois quando diminu\u00edmos o desconforto f\u00edsico, possibilitamos uma melhoria do nosso estado f\u00edsico e mental. A fisioterapia geri\u00e1trica apresenta excelentes ferramentas capazes de atuar nesta fase da vida, proporcionando mais qualidade de vida e garantia da autonomia na terceira idade.","breadcrumb":{"@id":"https:\/\/medisenior.pt\/index.php\/fisioterapia-ao-domicilio\/#breadcrumb"},"inLanguage":"pt-PT","potentialAction":[{"@type":"ReadAction","target":["https:\/\/medisenior.pt\/index.php\/fisioterapia-ao-domicilio\/"]}]},{"@type":"BreadcrumbList","@id":"https:\/\/medisenior.pt\/index.php\/fisioterapia-ao-domicilio\/#breadcrumb","itemListElement":[{"@type":"ListItem","position":1,"name":"In\u00edcio","item":"https:\/\/medisenior.pt\/"},{"@type":"ListItem","position":2,"name":"Fisioterapia ao domic\u00edlio"}]},{"@type":"WebSite","@id":"https:\/\/medisenior.pt\/#website","url":"https:\/\/medisenior.pt\/","name":"MediSenior","description":"Vamos at\u00e9 si.","publisher":{"@id":"https:\/\/medisenior.pt\/#organization"},"potentialAction":[{"@type":"SearchAction","target":{"@type":"EntryPoint","urlTemplate":"https:\/\/medisenior.pt\/?s={search_term_string}"},"query-input":{"@type":"PropertyValueSpecification","valueRequired":true,"valueName":"search_term_string"}}],"inLanguage":"pt-PT"},{"@type":"Organization","@id":"https:\/\/medisenior.pt\/#organization","name":"MediSenior - Vamos at\u00e9 si","url":"https:\/\/medisenior.pt\/","logo":{"@type":"ImageObject","inLanguage":"pt-PT","@id":"https:\/\/medisenior.pt\/#\/schema\/logo\/image\/","url":"https:\/\/medisenior.pt\/wp-content\/uploads\/2022\/06\/logo_medi60_B.png","contentUrl":"https:\/\/medisenior.pt\/wp-content\/uploads\/2022\/06\/logo_medi60_B.png","width":267,"height":60,"caption":"MediSenior - Vamos at\u00e9 si"},"image":{"@id":"https:\/\/medisenior.pt\/#\/schema\/logo\/image\/"},"sameAs":["https:\/\/www.facebook.com\/mediseniorpt","https:\/\/www.instagram.com\/mediseniorpt\/"]}]}},"_links":{"self":[{"href":"https:\/\/medisenior.pt\/index.php\/wp-json\/wp\/v2\/pages\/760","targetHints":{"allow":["GET"]}}],"collection":[{"href":"https:\/\/medisenior.pt\/index.php\/wp-json\/wp\/v2\/pages"}],"about":[{"href":"https:\/\/medisenior.pt\/index.php\/wp-json\/wp\/v2\/types\/page"}],"author":[{"embeddable":true,"href":"https:\/\/medisenior.pt\/index.php\/wp-json\/wp\/v2\/users\/3"}],"replies":[{"embeddable":true,"href":"https:\/\/medisenior.pt\/index.php\/wp-json\/wp\/v2\/comments?post=760"}],"version-history":[{"count":5,"href":"https:\/\/medisenior.pt\/index.php\/wp-json\/wp\/v2\/pages\/760\/revisions"}],"predecessor-version":[{"id":836,"href":"https:\/\/medisenior.pt\/index.php\/wp-json\/wp\/v2\/pages\/760\/revisions\/836"}],"wp:attachment":[{"href":"https:\/\/medisenior.pt\/index.php\/wp-json\/wp\/v2\/media?parent=760"}],"curies":[{"name":"wp","href":"https:\/\/api.w.org\/{rel}","templated":true}]}}